{"id":5604,"date":"2023-03-17T10:41:30","date_gmt":"2023-03-17T08:41:30","guid":{"rendered":"https:\/\/www.jvigas.com\/enomaq\/"},"modified":"2023-03-17T10:41:30","modified_gmt":"2023-03-17T08:41:30","slug":"enomaq","status":"publish","type":"page","link":"https:\/\/www.jvigas.com\/fr\/enomaq\/","title":{"rendered":"Enomaq"},"content":{"rendered":"<p>[et_pb_section fb_built=\u00a0\u00bb1&Prime; _builder_version=\u00a0\u00bb4.18.1&Prime; background_color=\u00a0\u00bb#242222&Prime; custom_padding=\u00a0\u00bb||50px|||\u00a0\u00bb global_colors_info=\u00a0\u00bb{}\u00a0\u00bb][et_pb_row _builder_version=\u00a0\u00bb4.18.1&Prime; global_colors_info=\u00a0\u00bb{}\u00a0\u00bb][et_pb_column type=\u00a0\u00bb4_4&Prime; _builder_version=\u00a0\u00bb4.16&Prime; global_colors_info=\u00a0\u00bb{}\u00a0\u00bb][et_pb_image src=\u00a0\u00bbhttps:\/\/www.jvigas.com\/wp-content\/uploads\/2023\/02\/RESPIRO-WEB.png\u00a0\u00bb title_text=\u00a0\u00bbRESPIRO WEB\u00a0\u00bb align=\u00a0\u00bbcenter\u00a0\u00bb _builder_version=\u00a0\u00bb4.18.1&Prime; _module_preset=\u00a0\u00bbdefault\u00a0\u00bb global_colors_info=\u00a0\u00bb{}\u00a0\u00bb][\/et_pb_image][\/et_pb_column][\/et_pb_row][et_pb_row column_structure=\u00a0\u00bb1_2,1_2&Prime; _builder_version=\u00a0\u00bb4.18.1&Prime; _module_preset=\u00a0\u00bbdefault\u00a0\u00bb custom_padding=\u00a0\u00bb29px|||||\u00a0\u00bb animation_style=\u00a0\u00bbfade\u00a0\u00bb global_colors_info=\u00a0\u00bb{}\u00a0\u00bb][et_pb_column type=\u00a0\u00bb1_2&Prime; _builder_version=\u00a0\u00bb4.18.1&Prime; _module_preset=\u00a0\u00bbdefault\u00a0\u00bb global_colors_info=\u00a0\u00bb{}\u00a0\u00bb][et_pb_text disabled_on=\u00a0\u00bboff|off|off\u00a0\u00bb _builder_version=\u00a0\u00bb4.18.1&Prime; text_text_color=\u00a0\u00bb#FFFFFF\u00a0\u00bb text_font_size=\u00a0\u00bb16px\u00a0\u00bb link_font=\u00a0\u00bb||||on|||#FFFFFF|\u00a0\u00bb link_text_color=\u00a0\u00bb#FFFFFF\u00a0\u00bb header_font=\u00a0\u00bbAdvent Pro|||||on|||\u00a0\u00bb header_text_color=\u00a0\u00bb#1d515d\u00a0\u00bb header_font_size=\u00a0\u00bb50px\u00a0\u00bb header_2_font=\u00a0\u00bb|||on|||||\u00a0\u00bb global_colors_info=\u00a0\u00bb{}\u00a0\u00bb]<\/p>\n<p>\u00c9couter la musique de Respiro<br \/>(Si vous ne disposez pas de Spotify, vous pouvez y acc\u00e9der depuis <a href=\"https:\/\/youtu.be\/o1nRNwfC4Yw\">Youtube<\/a>)<\/p>\n<p>[\/et_pb_text][\/et_pb_column][et_pb_column type=\u00a0\u00bb1_2&Prime; _builder_version=\u00a0\u00bb4.18.1&Prime; _module_preset=\u00a0\u00bbdefault\u00a0\u00bb global_colors_info=\u00a0\u00bb{}\u00a0\u00bb][et_pb_image src=\u00a0\u00bbhttps:\/\/www.jvigas.com\/wp-content\/uploads\/2023\/02\/Captura-de-Pantalla-2023-02-10-a-las-18.54.59.png\u00a0\u00bb title_text=\u00a0\u00bbCaptura de Pantalla 2023-02-10 a las 18.54.59&Prime; url=\u00a0\u00bbhttps:\/\/open.spotify.com\/playlist\/4nJsrnUGuVykqme6EjAKrr?si=8f4fb0910fdb48df\u00a0\u00bb url_new_window=\u00a0\u00bbon\u00a0\u00bb align=\u00a0\u00bbcenter\u00a0\u00bb disabled_on=\u00a0\u00bbon|off|off\u00a0\u00bb _builder_version=\u00a0\u00bb4.18.1&Prime; _module_preset=\u00a0\u00bbdefault\u00a0\u00bb global_colors_info=\u00a0\u00bb{}\u00a0\u00bb][\/et_pb_image][\/et_pb_column][\/et_pb_row][et_pb_row _builder_version=\u00a0\u00bb4.18.1&Prime; animation_style=\u00a0\u00bbfade\u00a0\u00bb global_colors_info=\u00a0\u00bb{}\u00a0\u00bb][et_pb_column type=\u00a0\u00bb4_4&Prime; _builder_version=\u00a0\u00bb4.16&Prime; global_colors_info=\u00a0\u00bb{}\u00a0\u00bb][et_pb_image src=\u00a0\u00bbhttps:\/\/www.jvigas.com\/wp-content\/uploads\/2023\/02\/Captura-de-Pantalla-2023-02-10-a-las-18.56.14.png\u00a0\u00bb title_text=\u00a0\u00bbCaptura de Pantalla 2023-02-10 a las 18.56.14&Prime; url=\u00a0\u00bbhttps:\/\/open.spotify.com\/playlist\/4nJsrnUGuVykqme6EjAKrr?si=8f4fb0910fdb48df\u00a0\u00bb url_new_window=\u00a0\u00bbon\u00a0\u00bb align=\u00a0\u00bbcenter\u00a0\u00bb disabled_on=\u00a0\u00bboff|on|on\u00a0\u00bb _builder_version=\u00a0\u00bb4.18.1&Prime; _module_preset=\u00a0\u00bbdefault\u00a0\u00bb global_colors_info=\u00a0\u00bb{}\u00a0\u00bb][\/et_pb_image][\/et_pb_column][\/et_pb_row][\/et_pb_section][et_pb_section fb_built=\u00a0\u00bb1&Prime; _builder_version=\u00a0\u00bb4.18.1&Prime; background_color=\u00a0\u00bb#242222&Prime; custom_padding=\u00a0\u00bb39px||50px|||\u00a0\u00bb global_colors_info=\u00a0\u00bb{}\u00a0\u00bb][et_pb_row _builder_version=\u00a0\u00bb4.16&Prime; global_colors_info=\u00a0\u00bb{}\u00a0\u00bb][et_pb_column type=\u00a0\u00bb4_4&Prime; _builder_version=\u00a0\u00bb4.16&Prime; global_colors_info=\u00a0\u00bb{}\u00a0\u00bb][et_pb_text disabled_on=\u00a0\u00bboff|off|off\u00a0\u00bb _builder_version=\u00a0\u00bb4.18.1&Prime; text_text_color=\u00a0\u00bb#FFFFFF\u00a0\u00bb text_font_size=\u00a0\u00bb16px\u00a0\u00bb header_font=\u00a0\u00bbAdvent Pro|||||on|||\u00a0\u00bb header_text_color=\u00a0\u00bb#1d515d\u00a0\u00bb header_font_size=\u00a0\u00bb50px\u00a0\u00bb header_2_font=\u00a0\u00bb|||on|||||\u00a0\u00bb global_colors_info=\u00a0\u00bb{}\u00a0\u00bb]<\/p>\n<p>M\u00ealant photographie, mots et collages, Caroline Faiola nous livre une vision intime de la foret en nous invitant \u00e0 un parcours introspectif.<\/p>\n<p>Une relation entre la nature et l\u2019Homme, le pass\u00e9 et le pr\u00e9sent, le ciel et la terre.<\/p>\n<p>La fa\u00e7on dont la foret peut parfois nous transmettre un peu de son \u00e9nergie et se convertir en un soutient n\u00e9cessaire pour gu\u00e9rir nos blessures. Un refuge, une porte qui n\u2019enferme pas mais qui au contraire peut lib\u00e9rer.<\/p>\n<p>[\/et_pb_text][et_pb_image src=\u00a0\u00bbhttps:\/\/www.jvigas.com\/wp-content\/uploads\/2023\/03\/IMG_7873__-1-scaled.jpg\u00a0\u00bb title_text=\u00a0\u00bbIMG_7873__\u00a0\u00bb _builder_version=\u00a0\u00bb4.18.1&Prime; _module_preset=\u00a0\u00bbdefault\u00a0\u00bb animation_style=\u00a0\u00bbfade\u00a0\u00bb global_colors_info=\u00a0\u00bb{}\u00a0\u00bb][\/et_pb_image][\/et_pb_column][\/et_pb_row][\/et_pb_section][et_pb_section fb_built=\u00a0\u00bb1&Prime; _builder_version=\u00a0\u00bb4.18.1&Prime; _module_preset=\u00a0\u00bbdefault\u00a0\u00bb background_image=\u00a0\u00bbhttps:\/\/www.jvigas.com\/wp-content\/uploads\/2023\/03\/000000930012.jpeg\u00a0\u00bb global_colors_info=\u00a0\u00bb{}\u00a0\u00bb][et_pb_row column_structure=\u00a0\u00bb1_2,1_2&Prime; _builder_version=\u00a0\u00bb4.18.1&Prime; _module_preset=\u00a0\u00bbdefault\u00a0\u00bb global_colors_info=\u00a0\u00bb{}\u00a0\u00bb][et_pb_column type=\u00a0\u00bb1_2&Prime; _builder_version=\u00a0\u00bb4.18.1&Prime; _module_preset=\u00a0\u00bbdefault\u00a0\u00bb global_colors_info=\u00a0\u00bb{}\u00a0\u00bb][et_pb_image src=\u00a0\u00bbhttps:\/\/www.jvigas.com\/wp-content\/uploads\/2023\/03\/FSD.jpg\u00a0\u00bb title_text=\u00a0\u00bbFSD\u00a0\u00bb _builder_version=\u00a0\u00bb4.18.1&Prime; _module_preset=\u00a0\u00bbdefault\u00a0\u00bb width=\u00a0\u00bb74%\u00a0\u00bb animation_style=\u00a0\u00bbfade\u00a0\u00bb global_colors_info=\u00a0\u00bb{}\u00a0\u00bb][\/et_pb_image][\/et_pb_column][et_pb_column type=\u00a0\u00bb1_2&Prime; _builder_version=\u00a0\u00bb4.18.1&Prime; _module_preset=\u00a0\u00bbdefault\u00a0\u00bb global_colors_info=\u00a0\u00bb{}\u00a0\u00bb][et_pb_image src=\u00a0\u00bbhttps:\/\/www.jvigas.com\/wp-content\/uploads\/2023\/03\/SAD.png\u00a0\u00bb title_text=\u00a0\u00bbSAD\u00a0\u00bb _builder_version=\u00a0\u00bb4.18.1&Prime; _module_preset=\u00a0\u00bbdefault\u00a0\u00bb custom_padding=\u00a0\u00bb80px|||||\u00a0\u00bb animation_style=\u00a0\u00bbfade\u00a0\u00bb global_colors_info=\u00a0\u00bb{}\u00a0\u00bb][\/et_pb_image][\/et_pb_column][\/et_pb_row][\/et_pb_section][et_pb_section fb_built=\u00a0\u00bb1&Prime; _builder_version=\u00a0\u00bb4.18.1&Prime; _module_preset=\u00a0\u00bbdefault\u00a0\u00bb background_color=\u00a0\u00bb#242222&Prime; hover_enabled=\u00a0\u00bb0&Prime; global_colors_info=\u00a0\u00bb{}\u00a0\u00bb sticky_enabled=\u00a0\u00bb0&Prime;][et_pb_row column_structure=\u00a0\u00bb1_2,1_2&Prime; _builder_version=\u00a0\u00bb4.18.1&Prime; _module_preset=\u00a0\u00bbdefault\u00a0\u00bb global_colors_info=\u00a0\u00bb{}\u00a0\u00bb][et_pb_column type=\u00a0\u00bb1_2&Prime; _builder_version=\u00a0\u00bb4.18.1&Prime; _module_preset=\u00a0\u00bbdefault\u00a0\u00bb global_colors_info=\u00a0\u00bb{}\u00a0\u00bb][et_pb_image src=\u00a0\u00bbhttps:\/\/www.jvigas.com\/wp-content\/uploads\/2023\/02\/Sin-titulo-3.jpg\u00a0\u00bb title_text=\u00a0\u00bbSin t\u00edtulo-3&Prime; _builder_version=\u00a0\u00bb4.18.1&Prime; _module_preset=\u00a0\u00bbdefault\u00a0\u00bb animation_style=\u00a0\u00bbfade\u00a0\u00bb global_colors_info=\u00a0\u00bb{}\u00a0\u00bb][\/et_pb_image][\/et_pb_column][et_pb_column type=\u00a0\u00bb1_2&Prime; _builder_version=\u00a0\u00bb4.18.1&Prime; _module_preset=\u00a0\u00bbdefault\u00a0\u00bb global_colors_info=\u00a0\u00bb{}\u00a0\u00bb][et_pb_text _builder_version=\u00a0\u00bb4.18.1&Prime; _module_preset=\u00a0\u00bbdefault\u00a0\u00bb text_text_color=\u00a0\u00bb#FFFFFF\u00a0\u00bb custom_margin=\u00a0\u00bb|||-1px||\u00a0\u00bb global_colors_info=\u00a0\u00bb{}\u00a0\u00bb]<\/p>\n<p><strong>Caroline Faiola<\/strong> est une artiste photographe franco-italienne qui travaille avec des techniques mixtes (photo, collage, encre, mots \u2026) Son \u0153uvre se nourrit de ses qu\u00eates int\u00e9rieures et de ses conqu\u00eates d\u2019ailleurs. Ses p\u00e9r\u00e9grinations sont le th\u00e9\u00e2tre de ses images, images qui sont l\u2019\u00e9cho de son univers.<br \/>Son \u0153uvre est plurielle, l\u2019image est au centre de son travail mais l\u2019image est souvent d\u00e9compos\u00e9e pour \u00eatre recompos\u00e9e comme dans ses tressages dont le r\u00e9sultat trouble semble insaisissable ; l\u2019image est alt\u00e9r\u00e9e pour \u00eatre perfectionn\u00e9e (Surimpression), d\u00e9form\u00e9e pour \u00eatre transform\u00e9e comme dans ses Carnets o\u00f9 l\u2019encre se m\u00eale \u00e0 la photographie, le collage \u00e0 l\u2019\u00e9criture et les souvenirs au pr\u00e9sent.<br \/>Caroline Faiola d\u00e9fait pour faire, d\u00e9construit pour cr\u00e9er, d\u00e9tourne pour inventer. Son travail explore le champ des impossibles, joue avec l\u2019\u0153il du spectateur, l\u2019interroge, le transporte dans un univers entre r\u00e9alit\u00e9 et songe, l\u2019invite \u00e0 d\u00e9sapprendre pour mieux comprendre.<br \/>N\u00e9e \u00e0 Paris en 1985, Caroline Faiola vit et travaille aujourd\u2019hui en Espagne.<br \/>Form\u00e9e en arts plastiques, stylisme et photographie, elle d\u00e9bute en tant que photographe, privil\u00e9giant le travail en argentique, notamment en surimpression. Lors de ses diff\u00e9rents voyages \u00e0 travers le monde, elle r\u00e9alise plusieurs s\u00e9ries, en particulier \u00e0 New York o\u00f9 elle s\u2019installe un an en 2010.<br \/>Ses derni\u00e8res s\u00e9ries de tressages lui permettent d\u2019entretenir un rapport plus intime avec la mati\u00e8re : le papier est d\u00e9coup\u00e9 et retravaill\u00e9, l\u2019image est d\u00e9compos\u00e9e pour \u00eatre perfectionn\u00e9e.<\/p>\n<div class=\"page\" title=\"Page 1\">\n<div class=\"layoutArea\">\n<div class=\"column\"><\/div>\n<\/div>\n<\/div>\n<p>[\/et_pb_text][\/et_pb_column][\/et_pb_row][\/et_pb_section][et_pb_section fb_built=\u00a0\u00bb1&Prime; theme_builder_area=\u00a0\u00bbpost_content\u00a0\u00bb _builder_version=\u00a0\u00bb4.18.1&Prime; _module_preset=\u00a0\u00bbdefault\u00a0\u00bb title_text=\u00a0\u00bbIMG_7884__\u00a0\u00bb hover_enabled=\u00a0\u00bb0&Prime; sticky_enabled=\u00a0\u00bb0&Prime; background_color=\u00a0\u00bb#242222&Prime; background_enable_image=\u00a0\u00bboff\u00a0\u00bb][et_pb_row _builder_version=\u00a0\u00bb4.18.1&Prime; _module_preset=\u00a0\u00bbdefault\u00a0\u00bb theme_builder_area=\u00a0\u00bbpost_content\u00a0\u00bb][et_pb_column _builder_version=\u00a0\u00bb4.18.1&Prime; _module_preset=\u00a0\u00bbdefault\u00a0\u00bb type=\u00a0\u00bb4_4&Prime; theme_builder_area=\u00a0\u00bbpost_content\u00a0\u00bb][et_pb_image src=\u00a0\u00bbhttps:\/\/www.jvigas.com\/wp-content\/uploads\/2023\/03\/IMG_7884__-scaled.jpg\u00a0\u00bb _builder_version=\u00a0\u00bb4.18.1&Prime; _module_preset=\u00a0\u00bbdefault\u00a0\u00bb theme_builder_area=\u00a0\u00bbpost_content\u00a0\u00bb title_text=\u00a0\u00bbIMG_7884__\u00a0\u00bb hover_enabled=\u00a0\u00bb0&Prime; sticky_enabled=\u00a0\u00bb0&Prime; animation_style=\u00a0\u00bbfade\u00a0\u00bb][\/et_pb_image][\/et_pb_column][\/et_pb_row][\/et_pb_section]<\/p>\n","protected":false},"excerpt":{"rendered":"<p>\u00c9couter la musique de Respiro(Si vous ne disposez pas de Spotify, vous pouvez y acc\u00e9der depuis Youtube)M\u00ealant photographie, mots et collages, Caroline Faiola nous livre une vision intime de la foret en nous invitant \u00e0 un parcours introspectif. Une relation entre la nature et l\u2019Homme, le pass\u00e9 et le pr\u00e9sent, le ciel et la terre. [&hellip;]<\/p>\n","protected":false},"author":2,"featured_media":0,"parent":0,"menu_order":0,"comment_status":"closed","ping_status":"closed","template":"","meta":{"_et_pb_use_builder":"on","_et_pb_old_content":"","_et_gb_content_width":"","footnotes":""},"class_list":["post-5604","page","type-page","status-publish","hentry"],"yoast_head":"<!-- This site is optimized with the Yoast SEO plugin v26.3 - https:\/\/yoast.com\/wordpress\/plugins\/seo\/ -->\n<title>Enomaq - J\u00b7Vigas<\/title>\n<meta name=\"robots\" content=\"index, follow, max-snippet:-1, max-image-preview:large, max-video-preview:-1\" \/>\n<link rel=\"canonical\" href=\"https:\/\/www.jvigas.com\/fr\/enomaq\/\" \/>\n<meta property=\"og:locale\" content=\"fr_FR\" \/>\n<meta property=\"og:type\" content=\"article\" \/>\n<meta property=\"og:title\" content=\"Enomaq - J\u00b7Vigas\" \/>\n<meta property=\"og:description\" content=\"\u00c9couter la musique de Respiro(Si vous ne disposez pas de Spotify, vous pouvez y acc\u00e9der depuis Youtube)M\u00ealant photographie, mots et collages, Caroline Faiola nous livre une vision intime de la foret en nous invitant \u00e0 un parcours introspectif. Une relation entre la nature et l\u2019Homme, le pass\u00e9 et le pr\u00e9sent, le ciel et la terre. [&hellip;]\" \/>\n<meta property=\"og:url\" content=\"https:\/\/www.jvigas.com\/fr\/enomaq\/\" \/>\n<meta property=\"og:site_name\" content=\"J\u00b7Vigas\" \/>\n<meta name=\"twitter:card\" content=\"summary_large_image\" \/>\n<meta name=\"twitter:label1\" content=\"Dur\u00e9e de lecture estim\u00e9e\" \/>\n\t<meta name=\"twitter:data1\" content=\"6 minutes\" \/>\n<script type=\"application\/ld+json\" class=\"yoast-schema-graph\">{\"@context\":\"https:\/\/schema.org\",\"@graph\":[{\"@type\":\"WebPage\",\"@id\":\"https:\/\/www.jvigas.com\/fr\/enomaq\/\",\"url\":\"https:\/\/www.jvigas.com\/fr\/enomaq\/\",\"name\":\"Enomaq - J\u00b7Vigas\",\"isPartOf\":{\"@id\":\"https:\/\/www.jvigas.com\/#website\"},\"datePublished\":\"2023-03-17T08:41:30+00:00\",\"breadcrumb\":{\"@id\":\"https:\/\/www.jvigas.com\/fr\/enomaq\/#breadcrumb\"},\"inLanguage\":\"fr-FR\",\"potentialAction\":[{\"@type\":\"ReadAction\",\"target\":[\"https:\/\/www.jvigas.com\/fr\/enomaq\/\"]}]},{\"@type\":\"BreadcrumbList\",\"@id\":\"https:\/\/www.jvigas.com\/fr\/enomaq\/#breadcrumb\",\"itemListElement\":[{\"@type\":\"ListItem\",\"position\":1,\"name\":\"Home\",\"item\":\"https:\/\/www.jvigas.com\/fr\/\"},{\"@type\":\"ListItem\",\"position\":2,\"name\":\"Enomaq\"}]},{\"@type\":\"WebSite\",\"@id\":\"https:\/\/www.jvigas.com\/#website\",\"url\":\"https:\/\/www.jvigas.com\/\",\"name\":\"J\u00b7Vigas\",\"description\":\"Naturaleza \u00b7 Artesan\u00eda \u00b7 Ciencia - Tapones de corcho desde 1887\",\"potentialAction\":[{\"@type\":\"SearchAction\",\"target\":{\"@type\":\"EntryPoint\",\"urlTemplate\":\"https:\/\/www.jvigas.com\/?s={search_term_string}\"},\"query-input\":{\"@type\":\"PropertyValueSpecification\",\"valueRequired\":true,\"valueName\":\"search_term_string\"}}],\"inLanguage\":\"fr-FR\"}]}<\/script>\n<!-- \/ Yoast SEO plugin. -->","yoast_head_json":{"title":"Enomaq - J\u00b7Vigas","robots":{"index":"index","follow":"follow","max-snippet":"max-snippet:-1","max-image-preview":"max-image-preview:large","max-video-preview":"max-video-preview:-1"},"canonical":"https:\/\/www.jvigas.com\/fr\/enomaq\/","og_locale":"fr_FR","og_type":"article","og_title":"Enomaq - J\u00b7Vigas","og_description":"\u00c9couter la musique de Respiro(Si vous ne disposez pas de Spotify, vous pouvez y acc\u00e9der depuis Youtube)M\u00ealant photographie, mots et collages, Caroline Faiola nous livre une vision intime de la foret en nous invitant \u00e0 un parcours introspectif. Une relation entre la nature et l\u2019Homme, le pass\u00e9 et le pr\u00e9sent, le ciel et la terre. [&hellip;]","og_url":"https:\/\/www.jvigas.com\/fr\/enomaq\/","og_site_name":"J\u00b7Vigas","twitter_card":"summary_large_image","twitter_misc":{"Dur\u00e9e de lecture estim\u00e9e":"6 minutes"},"schema":{"@context":"https:\/\/schema.org","@graph":[{"@type":"WebPage","@id":"https:\/\/www.jvigas.com\/fr\/enomaq\/","url":"https:\/\/www.jvigas.com\/fr\/enomaq\/","name":"Enomaq - J\u00b7Vigas","isPartOf":{"@id":"https:\/\/www.jvigas.com\/#website"},"datePublished":"2023-03-17T08:41:30+00:00","breadcrumb":{"@id":"https:\/\/www.jvigas.com\/fr\/enomaq\/#breadcrumb"},"inLanguage":"fr-FR","potentialAction":[{"@type":"ReadAction","target":["https:\/\/www.jvigas.com\/fr\/enomaq\/"]}]},{"@type":"BreadcrumbList","@id":"https:\/\/www.jvigas.com\/fr\/enomaq\/#breadcrumb","itemListElement":[{"@type":"ListItem","position":1,"name":"Home","item":"https:\/\/www.jvigas.com\/fr\/"},{"@type":"ListItem","position":2,"name":"Enomaq"}]},{"@type":"WebSite","@id":"https:\/\/www.jvigas.com\/#website","url":"https:\/\/www.jvigas.com\/","name":"J\u00b7Vigas","description":"Naturaleza \u00b7 Artesan\u00eda \u00b7 Ciencia - Tapones de corcho desde 1887","potentialAction":[{"@type":"SearchAction","target":{"@type":"EntryPoint","urlTemplate":"https:\/\/www.jvigas.com\/?s={search_term_string}"},"query-input":{"@type":"PropertyValueSpecification","valueRequired":true,"valueName":"search_term_string"}}],"inLanguage":"fr-FR"}]}},"_links":{"self":[{"href":"https:\/\/www.jvigas.com\/fr\/wp-json\/wp\/v2\/pages\/5604","targetHints":{"allow":["GET"]}}],"collection":[{"href":"https:\/\/www.jvigas.com\/fr\/wp-json\/wp\/v2\/pages"}],"about":[{"href":"https:\/\/www.jvigas.com\/fr\/wp-json\/wp\/v2\/types\/page"}],"author":[{"embeddable":true,"href":"https:\/\/www.jvigas.com\/fr\/wp-json\/wp\/v2\/users\/2"}],"replies":[{"embeddable":true,"href":"https:\/\/www.jvigas.com\/fr\/wp-json\/wp\/v2\/comments?post=5604"}],"version-history":[{"count":2,"href":"https:\/\/www.jvigas.com\/fr\/wp-json\/wp\/v2\/pages\/5604\/revisions"}],"predecessor-version":[{"id":5606,"href":"https:\/\/www.jvigas.com\/fr\/wp-json\/wp\/v2\/pages\/5604\/revisions\/5606"}],"wp:attachment":[{"href":"https:\/\/www.jvigas.com\/fr\/wp-json\/wp\/v2\/media?parent=5604"}],"curies":[{"name":"wp","href":"https:\/\/api.w.org\/{rel}","templated":true}]}}