{"id":1632,"date":"2020-07-13T17:24:49","date_gmt":"2020-07-13T15:24:49","guid":{"rendered":"https:\/\/web2020.jvigas.com\/compromis\/"},"modified":"2021-09-22T13:32:53","modified_gmt":"2021-09-22T11:32:53","slug":"compromis","status":"publish","type":"page","link":"https:\/\/www.jvigas.com\/ca\/compromis\/","title":{"rendered":"Comprom\u00eds"},"content":{"rendered":"<p>[et_pb_section fb_built=&#8221;1&#8243; _builder_version=&#8221;4.0.5&#8243; background_color=&#8221;#FFFFFF&#8221;][et_pb_row _builder_version=&#8221;4.0.5&#8243;][et_pb_column type=&#8221;4_4&#8243; _builder_version=&#8221;4.0.5&#8243;][et_pb_text disabled_on=&#8221;on|off|off&#8221; _builder_version=&#8221;4.6.1&#8243; text_text_color=&#8221;#000000&#8243; text_font_size=&#8221;16px&#8221; header_font=&#8221;|||||on|||&#8221; header_text_color=&#8221;#1d515d&#8221; header_font_size=&#8221;58px&#8221;]<\/p>\n<h1 style=\"text-align: center;\">Comprom\u00eds<\/h1>\n<p>[\/et_pb_text][et_pb_text disabled_on=&#8221;off|on|on&#8221; _builder_version=&#8221;4.6.1&#8243; text_text_color=&#8221;#000000&#8243; text_font_size=&#8221;16px&#8221; header_font=&#8221;|||||on|||&#8221; header_text_color=&#8221;#1d515d&#8221; header_font_size=&#8221;46px&#8221;]<\/p>\n<h1 style=\"text-align: center;\">Comprom\u00eds<\/h1>\n<p>[\/et_pb_text][et_pb_text _builder_version=&#8221;4.6.1&#8243; text_text_color=&#8221;#000000&#8243; text_font_size=&#8221;16px&#8221; header_font=&#8221;|||||on|||&#8221; header_text_color=&#8221;#1d515d&#8221; header_font_size=&#8221;58px&#8221;]<\/p>\n<p class=\"p2\">A J\u00b7Vigas dissenyem i establim els nostres processos de gesti\u00f3 interna, no nom\u00e9s amb vistes a la dimensi\u00f3 econ\u00f2mica, sin\u00f3 tamb\u00e9 als aspectes socials i ambientals.<\/p>\n<div class=\"et_pb_column ui-sortable et-animated--vb et_pb_column_4_4 et_pb_column_0 et-first-child et-last-child et_pb_with_border\" data-address=\"0.0.0\">\n<div class=\"et_fb_editing_enabled et_pb_text et_pb_module ui-sortable et_pb_text_0 et-animated--vb et_pb_text_align_left et_pb_bg_layout_light et-first-child et-last-child\" data-address=\"0.0.0.0\" dynamic=\"[object Object]\" matching=\"[object Object]\" parent_slug=\"et_pb_column\" theme_builder_suffix=\"\" wrapper_settings=\"[object Object]\" _key=\"7babeaa3-4d78-11ea-b9a3-eda0a4b696be\">\n<div class=\"et_pb_text_inner\">\n<div data-shortcode-id=\"0.0.0.0-1581499222740\" data-quickaccess-editable=\"yes\" class=\"et-fb-popover-tinymce\">\n<div class=\"mce-content-body\" contenteditable=\"true\">\n<p class=\"p2\"><span>Per a la fam\u00edlia Vigas aix\u00ed com per a la resta de l&#8217;equip, \u00e9s molt important que els valors que regeixen el seu dia a dia com el respecte, la confian\u00e7a, la companyonia i la sostenibilitat <strong>no nom\u00e9s formen part de la manera de treballar sin\u00f3 que traspassin els murs de l&#8217;empresa, arribant a altres esferes de la societat.<\/strong><\/span><\/p>\n<p class=\"p2\"><span><\/span><\/p>\n<p class=\"p2\"><span><\/span><\/p>\n<p class=\"p2\"><span><\/span><\/p>\n<div class=\"section mcb-section full-width no-margin-h no-margin-v\">\n<div class=\"section_wrapper mcb-section-inner\">\n<div class=\"wrap mcb-wrap one clearfix\">\n<div class=\"mcb-wrap-inner\">\n<div class=\"column mcb-column one column_column\">\n<div class=\"column_attr clearfix align_justify\">\n<h3 align=\"center\">Comprom\u00eds amb la natura<\/h3>\n<p>&nbsp;<\/p>\n<p>Per a J\u00b7Vigas la <a href=\"https:\/\/www.jvigas.com\/ca\/futur\/\"><strong><span style=\"text-decoration: underline;\">sostenibilitat i el respecte al medi ambient<\/span><\/strong>\u00a0<\/a>\u00e9s un valor transversal que regeix totes les decisions i accions de l&#8217;empresa.<\/p>\n<p>Per aix\u00f2, vam ser la primera empresa a formar part de la RIdCF (Xarxa Ib\u00e8rica de Comer\u00e7 Forestal), una iniciativa de WWF \/ Adena, que actua com a instrument eficient per incentivar la <strong>gesti\u00f3 sostenible dels boscos i frenar aix\u00ed la desforestaci\u00f3 i el canvi clim\u00e0tic<\/strong>.<\/p>\n<\/div>\n<\/div>\n<div class=\"column mcb-column one column_divider\"><\/div>\n<\/div>\n<\/div>\n<\/div>\n<\/div>\n<div class=\"section mcb-section \">\n<div class=\"section_wrapper mcb-section-inner\">\n<div class=\"wrap mcb-wrap one clearfix\">\n<div class=\"mcb-wrap-inner\">\n<div class=\"column mcb-column one column_column\">\n<div class=\"column_attr clearfix\">\n<h3 align=\"center\"><\/h3>\n<h3 align=\"center\"><\/h3>\n<p>&nbsp;<\/p>\n<h3 align=\"center\"><\/h3>\n<h3 align=\"center\">Contribuci\u00f3 a la societat<\/h3>\n<p>&nbsp;<\/p>\n<p>J\u00b7Vigas col\u00b7labora amb les seg\u00fcents institucions locals i nacionals:<\/p>\n<blockquote>\n<p><strong><a href=\"http:\/\/www.activeafrica.org\/active_africa_iweb\/Malawi-educacion.html\">Active Africa Educaci\u00f3 a Malawi<\/a><\/strong><\/p>\n<p><strong><a href=\"https:\/\/www.aecc.es\/Paginas\/PaginaPrincipal.aspx\">Associaci\u00f3 Espanyola Contra el C\u00e0ncer\u00a0<\/a><\/strong>(Delegaci\u00f3 local de Palafrugell \u00b7 President: Joan Vigas)<\/p>\n<p><strong><a href=\"http:\/\/www.residenciasdeancianos.org\/casa-asilo-palafrugell\/\">Casa Asil de Palafrugell<\/a><\/strong><\/p>\n<p><strong><a href=\"http:\/\/www.cruzroja.es\/principal\/web\/cruz-roja\/inicio\">Creu Roja Espanyola<\/a>\u00a0<\/strong><span>(<\/span>Delegaci\u00f3 de Palafrugell \u00b7 Nutrici\u00f3 infantil de 0 a 2 anys)<\/p>\n<p><strong><a href=\"http:\/\/www.fundacionmaga.org\/\">Fundaci\u00f3 Maga<\/a><\/strong><\/p>\n<p><strong><a href=\"https:\/\/maindanslamain.asso.fr\/\">Main dans la main<\/a><\/strong><\/p>\n<\/blockquote>\n<\/div>\n<\/div>\n<\/div>\n<\/div>\n<\/div>\n<\/div>\n<\/div>\n<\/div>\n<\/div>\n<\/div>\n<\/div>\n<div class=\"et-pb-draggable-spacing et-pb-draggable-spacing__spacing et-pb-draggable-spacing__bottom et-pb-draggable-spacing__padding et-pb-draggable-spacing--animated et-pb-draggable-spacing--hovered\">\n<div class=\"et-pb-draggable-spacing__hint\"><\/div>\n<\/div>\n<div class=\"et-pb-draggable-spacing et-pb-draggable-spacing__spacing et-pb-draggable-spacing__right et-pb-draggable-spacing__padding et-pb-draggable-spacing--animated et-pb-draggable-spacing--no-size\">\n<div class=\"et-pb-draggable-spacing__hint\"><\/div>\n<\/div>\n<div class=\"et-pb-draggable-spacing et-pb-draggable-spacing__spacing et-pb-draggable-spacing__left et-pb-draggable-spacing__padding et-pb-draggable-spacing--animated et-pb-draggable-spacing--no-size\">\n<div class=\"et-pb-draggable-spacing__hint\"><\/div>\n<\/div>\n<div class=\"et-pb-draggable-spacing et-pb-draggable-spacing__spacing et-pb-draggable-spacing__top et-pb-draggable-spacing__margin et-pb-draggable-spacing__inner et-pb-draggable-spacing--draggable-edge et-pb-draggable-spacing--animated et-pb-draggable-spacing--no-size\">\n<div class=\"et-pb-draggable-spacing__hint\"><\/div>\n<\/div>\n<div class=\"et-pb-draggable-spacing et-pb-draggable-spacing__spacing et-pb-draggable-spacing__right et-pb-draggable-spacing__margin et-pb-draggable-spacing__inner et-pb-draggable-spacing--draggable-edge et-pb-draggable-spacing--animated\">\n<div class=\"et-pb-draggable-spacing__hint\"><\/div>\n<\/div>\n<div class=\"et-pb-draggable-spacing et-pb-draggable-spacing__spacing et-pb-draggable-spacing__bottom et-pb-draggable-spacing__margin et-pb-draggable-spacing__inner et-pb-draggable-spacing--draggable-edge et-pb-draggable-spacing--animated et-pb-draggable-spacing--no-size\">\n<div class=\"et-pb-draggable-spacing__hint\"><\/div>\n<\/div>\n<div class=\"et-pb-draggable-spacing et-pb-draggable-spacing__spacing et-pb-draggable-spacing__left et-pb-draggable-spacing__margin et-pb-draggable-spacing__inner et-pb-draggable-spacing--draggable-edge et-pb-draggable-spacing--animated\">\n<div class=\"et-pb-draggable-spacing__hint\"><\/div>\n<\/div>\n<div class=\"et-fb-mousetrap et-fb-mousetrap-move et-fb-mousetrap--row\"><\/div>\n<p><span class=\"s2\"><span class=\"s1\"><\/span><\/span><\/p>\n<p>[\/et_pb_text][\/et_pb_column][\/et_pb_row][\/et_pb_section][et_pb_section fb_built=&#8221;1&#8243; _builder_version=&#8221;4.6.1&#8243; background_image=&#8221;http:\/\/www.jvigas.com\/wp-content\/uploads\/2020\/10\/personal.jpg&#8221; background_position=&#8221;top_left&#8221; custom_padding=&#8221;147px|||||&#8221;][et_pb_row column_structure=&#8221;1_2,1_2&#8243; _builder_version=&#8221;4.0.5&#8243; background_color=&#8221;rgba(0,0,0,0)&#8221; width=&#8221;87.2%&#8221; custom_padding=&#8221;33px|||||&#8221;][et_pb_column type=&#8221;1_2&#8243; _builder_version=&#8221;4.0.5&#8243;][\/et_pb_column][et_pb_column type=&#8221;1_2&#8243; _builder_version=&#8221;4.0.5&#8243;][et_pb_text _builder_version=&#8221;4.0.5&#8243; text_text_color=&#8221;#ffffff&#8221; text_font_size=&#8221;34px&#8221; text_line_height=&#8221;1.1em&#8221; custom_margin=&#8221;-86px|||||&#8221; custom_padding=&#8221;||0px|||&#8221; border_radii=&#8221;on|3px|3px|3px|3px&#8221; border_color_all=&#8221;#000000&#8243;]<\/p>\n<p style=\"text-align: left;\"><strong><span class=\"s1\"><b>Els valors que regeixen el nostre dia a dia traspassen els murs de l&#8217;empresa arribant a altres sectors de la societat<\/b><\/span><\/strong><\/p>\n<p>[\/et_pb_text][\/et_pb_column][\/et_pb_row][\/et_pb_section]<\/p>\n","protected":false},"excerpt":{"rendered":"<p>Comprom\u00edsComprom\u00edsA J\u00b7Vigas dissenyem i establim els nostres processos de gesti\u00f3 interna, no nom\u00e9s amb vistes a la dimensi\u00f3 econ\u00f2mica, sin\u00f3 tamb\u00e9 als aspectes socials i ambientals. Per a la fam\u00edlia Vigas aix\u00ed com per a la resta de l&#8217;equip, \u00e9s molt important que els valors que regeixen el seu dia a dia com el respecte, [&hellip;]<\/p>\n","protected":false},"author":1,"featured_media":0,"parent":0,"menu_order":0,"comment_status":"closed","ping_status":"closed","template":"","meta":{"_et_pb_use_builder":"on","_et_pb_old_content":"","_et_gb_content_width":"","footnotes":""},"class_list":["post-1632","page","type-page","status-publish","hentry"],"yoast_head":"<!-- This site is optimized with the Yoast SEO plugin v26.3 - https:\/\/yoast.com\/wordpress\/plugins\/seo\/ -->\n<title>Comprom\u00eds - J\u00b7Vigas<\/title>\n<meta name=\"description\" content=\"El comprom\u00eds amb la natura i la contribuci\u00f3 a la societat per part de J\u00b7Vigas formen part dels valors intr\u00ednsecs de l&#039;empresa.\" \/>\n<meta name=\"robots\" content=\"index, follow, max-snippet:-1, max-image-preview:large, max-video-preview:-1\" \/>\n<link rel=\"canonical\" href=\"https:\/\/www.jvigas.com\/ca\/compromis\/\" \/>\n<meta property=\"og:locale\" content=\"ca_ES\" \/>\n<meta property=\"og:type\" content=\"article\" \/>\n<meta property=\"og:title\" content=\"Comprom\u00eds - J\u00b7Vigas\" \/>\n<meta property=\"og:description\" content=\"El comprom\u00eds amb la natura i la contribuci\u00f3 a la societat per part de J\u00b7Vigas formen part dels valors intr\u00ednsecs de l&#039;empresa.\" \/>\n<meta property=\"og:url\" content=\"https:\/\/www.jvigas.com\/ca\/compromis\/\" \/>\n<meta property=\"og:site_name\" content=\"J\u00b7Vigas\" \/>\n<meta property=\"article:modified_time\" content=\"2021-09-22T11:32:53+00:00\" \/>\n<meta name=\"twitter:card\" content=\"summary_large_image\" \/>\n<meta name=\"twitter:label1\" content=\"Temps estimat de lectura\" \/>\n\t<meta name=\"twitter:data1\" content=\"2 minuts\" \/>\n<script type=\"application\/ld+json\" class=\"yoast-schema-graph\">{\"@context\":\"https:\/\/schema.org\",\"@graph\":[{\"@type\":\"WebPage\",\"@id\":\"https:\/\/www.jvigas.com\/ca\/compromis\/\",\"url\":\"https:\/\/www.jvigas.com\/ca\/compromis\/\",\"name\":\"Comprom\u00eds - J\u00b7Vigas\",\"isPartOf\":{\"@id\":\"https:\/\/www.jvigas.com\/#website\"},\"datePublished\":\"2020-07-13T15:24:49+00:00\",\"dateModified\":\"2021-09-22T11:32:53+00:00\",\"description\":\"El comprom\u00eds amb la natura i la contribuci\u00f3 a la societat per part de J\u00b7Vigas formen part dels valors intr\u00ednsecs de l'empresa.\",\"breadcrumb\":{\"@id\":\"https:\/\/www.jvigas.com\/ca\/compromis\/#breadcrumb\"},\"inLanguage\":\"ca\",\"potentialAction\":[{\"@type\":\"ReadAction\",\"target\":[\"https:\/\/www.jvigas.com\/ca\/compromis\/\"]}]},{\"@type\":\"BreadcrumbList\",\"@id\":\"https:\/\/www.jvigas.com\/ca\/compromis\/#breadcrumb\",\"itemListElement\":[{\"@type\":\"ListItem\",\"position\":1,\"name\":\"Home\",\"item\":\"https:\/\/www.jvigas.com\/ca\/\"},{\"@type\":\"ListItem\",\"position\":2,\"name\":\"Comprom\u00eds\"}]},{\"@type\":\"WebSite\",\"@id\":\"https:\/\/www.jvigas.com\/#website\",\"url\":\"https:\/\/www.jvigas.com\/\",\"name\":\"J\u00b7Vigas\",\"description\":\"Naturaleza \u00b7 Artesan\u00eda \u00b7 Ciencia - Tapones de corcho desde 1887\",\"potentialAction\":[{\"@type\":\"SearchAction\",\"target\":{\"@type\":\"EntryPoint\",\"urlTemplate\":\"https:\/\/www.jvigas.com\/?s={search_term_string}\"},\"query-input\":{\"@type\":\"PropertyValueSpecification\",\"valueRequired\":true,\"valueName\":\"search_term_string\"}}],\"inLanguage\":\"ca\"}]}<\/script>\n<!-- \/ Yoast SEO plugin. -->","yoast_head_json":{"title":"Comprom\u00eds - J\u00b7Vigas","description":"El comprom\u00eds amb la natura i la contribuci\u00f3 a la societat per part de J\u00b7Vigas formen part dels valors intr\u00ednsecs de l'empresa.","robots":{"index":"index","follow":"follow","max-snippet":"max-snippet:-1","max-image-preview":"max-image-preview:large","max-video-preview":"max-video-preview:-1"},"canonical":"https:\/\/www.jvigas.com\/ca\/compromis\/","og_locale":"ca_ES","og_type":"article","og_title":"Comprom\u00eds - J\u00b7Vigas","og_description":"El comprom\u00eds amb la natura i la contribuci\u00f3 a la societat per part de J\u00b7Vigas formen part dels valors intr\u00ednsecs de l'empresa.","og_url":"https:\/\/www.jvigas.com\/ca\/compromis\/","og_site_name":"J\u00b7Vigas","article_modified_time":"2021-09-22T11:32:53+00:00","twitter_card":"summary_large_image","twitter_misc":{"Temps estimat de lectura":"2 minuts"},"schema":{"@context":"https:\/\/schema.org","@graph":[{"@type":"WebPage","@id":"https:\/\/www.jvigas.com\/ca\/compromis\/","url":"https:\/\/www.jvigas.com\/ca\/compromis\/","name":"Comprom\u00eds - J\u00b7Vigas","isPartOf":{"@id":"https:\/\/www.jvigas.com\/#website"},"datePublished":"2020-07-13T15:24:49+00:00","dateModified":"2021-09-22T11:32:53+00:00","description":"El comprom\u00eds amb la natura i la contribuci\u00f3 a la societat per part de J\u00b7Vigas formen part dels valors intr\u00ednsecs de l'empresa.","breadcrumb":{"@id":"https:\/\/www.jvigas.com\/ca\/compromis\/#breadcrumb"},"inLanguage":"ca","potentialAction":[{"@type":"ReadAction","target":["https:\/\/www.jvigas.com\/ca\/compromis\/"]}]},{"@type":"BreadcrumbList","@id":"https:\/\/www.jvigas.com\/ca\/compromis\/#breadcrumb","itemListElement":[{"@type":"ListItem","position":1,"name":"Home","item":"https:\/\/www.jvigas.com\/ca\/"},{"@type":"ListItem","position":2,"name":"Comprom\u00eds"}]},{"@type":"WebSite","@id":"https:\/\/www.jvigas.com\/#website","url":"https:\/\/www.jvigas.com\/","name":"J\u00b7Vigas","description":"Naturaleza \u00b7 Artesan\u00eda \u00b7 Ciencia - Tapones de corcho desde 1887","potentialAction":[{"@type":"SearchAction","target":{"@type":"EntryPoint","urlTemplate":"https:\/\/www.jvigas.com\/?s={search_term_string}"},"query-input":{"@type":"PropertyValueSpecification","valueRequired":true,"valueName":"search_term_string"}}],"inLanguage":"ca"}]}},"_links":{"self":[{"href":"https:\/\/www.jvigas.com\/ca\/wp-json\/wp\/v2\/pages\/1632","targetHints":{"allow":["GET"]}}],"collection":[{"href":"https:\/\/www.jvigas.com\/ca\/wp-json\/wp\/v2\/pages"}],"about":[{"href":"https:\/\/www.jvigas.com\/ca\/wp-json\/wp\/v2\/types\/page"}],"author":[{"embeddable":true,"href":"https:\/\/www.jvigas.com\/ca\/wp-json\/wp\/v2\/users\/1"}],"replies":[{"embeddable":true,"href":"https:\/\/www.jvigas.com\/ca\/wp-json\/wp\/v2\/comments?post=1632"}],"version-history":[{"count":21,"href":"https:\/\/www.jvigas.com\/ca\/wp-json\/wp\/v2\/pages\/1632\/revisions"}],"predecessor-version":[{"id":4211,"href":"https:\/\/www.jvigas.com\/ca\/wp-json\/wp\/v2\/pages\/1632\/revisions\/4211"}],"wp:attachment":[{"href":"https:\/\/www.jvigas.com\/ca\/wp-json\/wp\/v2\/media?parent=1632"}],"curies":[{"name":"wp","href":"https:\/\/api.w.org\/{rel}","templated":true}]}}